{"id":871,"date":"2023-09-19T15:04:25","date_gmt":"2023-09-19T13:04:25","guid":{"rendered":"https:\/\/moto-center.ch\/ebikes\/?post_type=product&#038;p=871"},"modified":"2025-05-19T13:24:01","modified_gmt":"2025-05-19T11:24:01","slug":"tourer-t2","status":"publish","type":"product","link":"https:\/\/moto-center.ch\/ebikes\/produkt\/tourer-t2\/","title":{"rendered":"Tourer T2"},"content":{"rendered":"<p>\n\t<section style=\" background-image:url(https:\/\/moto-center.ch\/ebikes\/wp-content\/uploads\/sites\/7\/2020\/12\/hg_greywall-1600x1095.png) !important; padding-top:15px;  padding-bottom:15px; \" class=\"fw-main-row  bg_positioned container-fluid autogen parallax_fh\">\n\t\t<div class=\" container\">\n\t\t  <div class=\"fw-row\">\n\t\n<div class=\"col-xs-12 txt-autogen\">\n\t\t\t\n<div>\n\t<div class=\"main-woo-image wrapper-4 woocommerce-product-gallery__wrapper \">\n\t\t\t\t\n\t<span class=\"onsale\"><span class=\"dashicons dashicons-star-filled\"><\/span><\/span>\n\t\t\t<img decoding=\"async\" width=\"1200\" height=\"1380\" src=\"https:\/\/moto-center.ch\/ebikes\/wp-content\/uploads\/sites\/7\/2023\/09\/15245_Tourer-T2-1200x1380.png\" class=\"img-responsive wp-post-image\" alt=\"\" srcset=\"https:\/\/moto-center.ch\/ebikes\/wp-content\/uploads\/sites\/7\/2023\/09\/15245_Tourer-T2-1200x1380.png 1200w, https:\/\/moto-center.ch\/ebikes\/wp-content\/uploads\/sites\/7\/2023\/09\/15245_Tourer-T2-260x300.png 260w, https:\/\/moto-center.ch\/ebikes\/wp-content\/uploads\/sites\/7\/2023\/09\/15245_Tourer-T2-768x883.png 768w, https:\/\/moto-center.ch\/ebikes\/wp-content\/uploads\/sites\/7\/2023\/09\/15245_Tourer-T2-1779x2048.png 1779w, https:\/\/moto-center.ch\/ebikes\/wp-content\/uploads\/sites\/7\/2023\/09\/15245_Tourer-T2-1600x1840.png 1600w, https:\/\/moto-center.ch\/ebikes\/wp-content\/uploads\/sites\/7\/2023\/09\/15245_Tourer-T2-800x920.png 800w, https:\/\/moto-center.ch\/ebikes\/wp-content\/uploads\/sites\/7\/2023\/09\/15245_Tourer-T2-400x460.png 400w, https:\/\/moto-center.ch\/ebikes\/wp-content\/uploads\/sites\/7\/2023\/09\/15245_Tourer-T2-600x690.png 600w, https:\/\/moto-center.ch\/ebikes\/wp-content\/uploads\/sites\/7\/2023\/09\/15245_Tourer-T2.png 1162w\" sizes=\"(max-width: 1200px) 100vw, 1200px\" \/><a href=\"https:\/\/moto-center.ch\/ebikes\/wp-content\/uploads\/sites\/7\/2023\/09\/15245_Tourer-T2.png\" itemprop=\"image\" class=\"zoom\" title=\"\" data-rel=\"prettyPhoto\"><\/a>\t\t\t<\/div>\n\t\n<\/div>\t\t<\/div>\n<\/div>\n\n\t\t<\/div>\n\t\t\t<\/section>\n\n\n\t<section style=\" padding-top:15px;  padding-bottom:15px; \" class=\"fw-main-row bg-bg_body container autogen\">\n\t\t<div>\n\t\t  <div class=\"fw-row\">\n\t\n<div class=\"col-xs-12 txt-autogen\">\n\t\t\t\t\t<\/div>\n<\/div>\n\n<div class=\"fw-row\">\n\t\n<div class=\"col-xs-12 col-sm-6 col-md-6 txt-autogen\">\n\t\t\t<h1 class=\"m-0  no-inner-padding text-left txt-primary\">Tourer T2<\/h1>\t\t<\/div>\n\n<div class=\"col-xs-12 col-sm-6 col-md-6 txt-autogen\">\n\t\t\t<h1 class=\"m-0  no-inner-padding text-right txt-primary\"><del aria-hidden=\"true\"><span class=\"woocommerce-Price-amount amount\"><bdi><span class=\"woocommerce-Price-currencySymbol\">&#67;&#72;&#70;<\/span>&nbsp;4'399<\/bdi><\/span><\/del> <span class=\"screen-reader-text\">Urspr\u00fcnglicher Preis war: &#067;&#072;&#070;&nbsp;4&#039;399<\/span><ins aria-hidden=\"true\"><span class=\"woocommerce-Price-amount amount\"><bdi><span class=\"woocommerce-Price-currencySymbol\">&#67;&#72;&#70;<\/span>&nbsp;3'100<\/bdi><\/span><\/ins><span class=\"screen-reader-text\">Aktueller Preis ist: &#067;&#072;&#070;&nbsp;3&#039;100.<\/span><\/h1>\t\t<\/div>\n<\/div>\n\n\t\t<\/div>\n\t\t\t<\/section>\n\n\n\t<section style=\" padding-top:15px;  padding-bottom:15px; \" class=\"fw-main-row bg-bg_body container autogen\">\n\t\t<div>\n\t\t  <div class=\"fw-row\">\n\t\n<div class=\"col-xs-12 txt-autogen\">\n\t\t\t\n  <div class=\"rgb_bg_gray_lighter txt_gray_darker alaya_spacing hidden-xs\">\t  <div class=\"fw-divider-space\" style=\"padding-top: 2px;\"><\/div>\n\t<\/div>\t\t<\/div>\n<\/div>\n\n\t\t<\/div>\n\t\t\t<\/section>\n\n\n\t<section style=\" padding-top:15px;  padding-bottom:15px; \" class=\"fw-main-row bg-bg_body container-fluid autogen\">\n\t\t<div class=\" container\">\n\t\t  <div class=\"fw-row\">\n\t\n<div class=\"col-xs-12 txt-autogen\">\n\t\t\t \n\n<div class=\" txt-autogen def\">\n  <div id=\"var_form\">\n\t<form class=\"variations_form cart mb-0\"\n\t\t\taction=\"https:\/\/moto-center.ch\/ebikes\/produkt\/tourer-t2\/\"\n\t\t\tmethod=\"post\" enctype='multipart\/form-data' data-product_id=\"871\"\n\t\t\tdata-product_variations=\"[{&quot;attributes&quot;:{&quot;attribute_pa_rahmenform&quot;:&quot;unisex&quot;,&quot;attribute_pa_rahmenhoehe&quot;:&quot;l&quot;,&quot;attribute_pa_radgroesse&quot;:&quot;&quot;},&quot;availability_html&quot;:&quot;&quot;,&quot;backorders_allowed&quot;:false,&quot;dimensions&quot;:{&quot;length&quot;:&quot;&quot;,&quot;width&quot;:&quot;&quot;,&quot;height&quot;:&quot;&quot;},&quot;dimensions_html&quot;:&quot;n.\\u00a0a.&quot;,&quot;display_price&quot;:3100,&quot;display_regular_price&quot;:4399,&quot;image&quot;:{&quot;title&quot;:&quot;15245_Tourer-T2&quot;,&quot;caption&quot;:&quot;&quot;,&quot;url&quot;:&quot;https:\\\/\\\/moto-center.ch\\\/ebikes\\\/wp-content\\\/uploads\\\/sites\\\/7\\\/2023\\\/09\\\/15245_Tourer-T2.png&quot;,&quot;alt&quot;:&quot;15245_Tourer-T2&quot;,&quot;src&quot;:&quot;https:\\\/\\\/moto-center.ch\\\/ebikes\\\/wp-content\\\/uploads\\\/sites\\\/7\\\/2023\\\/09\\\/15245_Tourer-T2-600x690.png&quot;,&quot;srcset&quot;:&quot;https:\\\/\\\/moto-center.ch\\\/ebikes\\\/wp-content\\\/uploads\\\/sites\\\/7\\\/2023\\\/09\\\/15245_Tourer-T2-600x690.png 600w, https:\\\/\\\/moto-center.ch\\\/ebikes\\\/wp-content\\\/uploads\\\/sites\\\/7\\\/2023\\\/09\\\/15245_Tourer-T2-260x300.png 260w, https:\\\/\\\/moto-center.ch\\\/ebikes\\\/wp-content\\\/uploads\\\/sites\\\/7\\\/2023\\\/09\\\/15245_Tourer-T2-889x1024.png 889w, https:\\\/\\\/moto-center.ch\\\/ebikes\\\/wp-content\\\/uploads\\\/sites\\\/7\\\/2023\\\/09\\\/15245_Tourer-T2-768x883.png 768w, https:\\\/\\\/moto-center.ch\\\/ebikes\\\/wp-content\\\/uploads\\\/sites\\\/7\\\/2023\\\/09\\\/15245_Tourer-T2-1334x1536.png 1334w, https:\\\/\\\/moto-center.ch\\\/ebikes\\\/wp-content\\\/uploads\\\/sites\\\/7\\\/2023\\\/09\\\/15245_Tourer-T2-1779x2048.png 1779w, https:\\\/\\\/moto-center.ch\\\/ebikes\\\/wp-content\\\/uploads\\\/sites\\\/7\\\/2023\\\/09\\\/15245_Tourer-T2-1600x1840.png 1600w, https:\\\/\\\/moto-center.ch\\\/ebikes\\\/wp-content\\\/uploads\\\/sites\\\/7\\\/2023\\\/09\\\/15245_Tourer-T2-1200x1380.png 1200w, https:\\\/\\\/moto-center.ch\\\/ebikes\\\/wp-content\\\/uploads\\\/sites\\\/7\\\/2023\\\/09\\\/15245_Tourer-T2-800x920.png 800w, https:\\\/\\\/moto-center.ch\\\/ebikes\\\/wp-content\\\/uploads\\\/sites\\\/7\\\/2023\\\/09\\\/15245_Tourer-T2-400x460.png 400w, https:\\\/\\\/moto-center.ch\\\/ebikes\\\/wp-content\\\/uploads\\\/sites\\\/7\\\/2023\\\/09\\\/15245_Tourer-T2.png 1162w&quot;,&quot;sizes&quot;:&quot;(max-width: 600px) 100vw, 600px&quot;,&quot;full_src&quot;:&quot;https:\\\/\\\/moto-center.ch\\\/ebikes\\\/wp-content\\\/uploads\\\/sites\\\/7\\\/2023\\\/09\\\/15245_Tourer-T2.png&quot;,&quot;full_src_w&quot;:1162,&quot;full_src_h&quot;:1337,&quot;gallery_thumbnail_src&quot;:&quot;https:\\\/\\\/moto-center.ch\\\/ebikes\\\/wp-content\\\/uploads\\\/sites\\\/7\\\/2023\\\/09\\\/15245_Tourer-T2-100x100.png&quot;,&quot;gallery_thumbnail_src_w&quot;:100,&quot;gallery_thumbnail_src_h&quot;:100,&quot;thumb_src&quot;:&quot;https:\\\/\\\/moto-center.ch\\\/ebikes\\\/wp-content\\\/uploads\\\/sites\\\/7\\\/2023\\\/09\\\/15245_Tourer-T2-300x300.png&quot;,&quot;thumb_src_w&quot;:300,&quot;thumb_src_h&quot;:300,&quot;src_w&quot;:600,&quot;src_h&quot;:690},&quot;image_id&quot;:881,&quot;is_downloadable&quot;:false,&quot;is_in_stock&quot;:true,&quot;is_purchasable&quot;:true,&quot;is_sold_individually&quot;:&quot;no&quot;,&quot;is_virtual&quot;:false,&quot;max_qty&quot;:&quot;&quot;,&quot;min_qty&quot;:1,&quot;price_html&quot;:&quot;&quot;,&quot;sku&quot;:&quot;&quot;,&quot;variation_description&quot;:&quot;&quot;,&quot;variation_id&quot;:878,&quot;variation_is_active&quot;:true,&quot;variation_is_visible&quot;:true,&quot;weight&quot;:&quot;&quot;,&quot;weight_html&quot;:&quot;n.\\u00a0a.&quot;}]\">\n\n\t\t<div data-product_id=\"871\" data-threshold_min=\"30\" data-threshold_max=\"100\" data-total=\"1\">\n\t\t\n\t\t\t\t\t\t\t<div class=\"variations row mb-0\">\n\n\t\t\t\t\t\t\t\t\t\t\t<div data-wow-offset=\"50\" data-wow-delay=\".5s\" class=\"mb-4 col-xs-4  no-inner-padding def txt-primary wow  fadeInUp col-md-3 col-sm-6\">\n\t\t\t\t\t\t\t<h4  class=\"m-0  txt-primary\">Rahmenform<\/h4 >\t\t\t\t\t\t\t<select style=\"display:none\" id=\"pa_rahmenform\" class=\" woo-variation-raw-select\" name=\"attribute_pa_rahmenform\" data-attribute_name=\"attribute_pa_rahmenform\" data-show_option_none=\"yes\"><option value=\"\">W\u00e4hle eine Option<\/option><option value=\"unisex\" >Unisex<\/option><\/select><ul role=\"radiogroup\" aria-label=\"Rahmenform\" class=\"variable-items-wrapper image-variable-items-wrapper wvs-style-squared\" data-attribute_name=\"attribute_pa_rahmenform\" data-attribute_values=\"[&quot;unisex&quot;]\"><li aria-checked=\"false\" tabindex=\"0\" data-attribute_name=\"attribute_pa_rahmenform\" data-wvstooltip=\"Unisex\" class=\"variable-item image-variable-item image-variable-item-unisex \" title=\"Unisex\" data-title=\"Unisex\" data-value=\"unisex\" role=\"radio\" tabindex=\"0\"><div class=\"variable-item-contents\"><img decoding=\"async\" class=\"variable-item-image\"  aria-hidden=\"true\" alt=\"Unisex\" src=\"https:\/\/moto-center.ch\/ebikes\/wp-content\/uploads\/sites\/7\/2021\/02\/Unisex-150x150.png\" width=\"150\" height=\"150\" \/><\/div><\/li><\/ul>\t\t\t\t\t\t<\/div>\n\t\t\t\t\t\t\t\t\t\t\t<div data-wow-offset=\"50\" data-wow-delay=\".5s\" class=\"mb-4 col-xs-4  no-inner-padding def txt-primary wow  fadeInUp col-md-3 col-sm-6\">\n\t\t\t\t\t\t\t<h4  class=\"m-0  txt-primary\">Rahmenh\u00f6he<\/h4 >\t\t\t\t\t\t\t<select style=\"display:none\" id=\"pa_rahmenhoehe\" class=\" woo-variation-raw-select\" name=\"attribute_pa_rahmenhoehe\" data-attribute_name=\"attribute_pa_rahmenhoehe\" data-show_option_none=\"yes\"><option value=\"\">W\u00e4hle eine Option<\/option><option value=\"l\" >L<\/option><\/select><ul role=\"radiogroup\" aria-label=\"Rahmenh\u00f6he\" class=\"variable-items-wrapper button-variable-items-wrapper wvs-style-squared\" data-attribute_name=\"attribute_pa_rahmenhoehe\" data-attribute_values=\"[&quot;l&quot;]\"><li aria-checked=\"false\" tabindex=\"0\" data-attribute_name=\"attribute_pa_rahmenhoehe\" data-wvstooltip=\"L\" class=\"variable-item button-variable-item button-variable-item-l \" title=\"L\" data-title=\"L\" data-value=\"l\" role=\"radio\" tabindex=\"0\"><div class=\"variable-item-contents\"><span class=\"variable-item-span variable-item-span-button\">L<\/span><\/div><\/li><\/ul>\t\t\t\t\t\t<\/div>\n\t\t\t\t\t\t\t\t\t\t\t<div data-wow-offset=\"50\" data-wow-delay=\".5s\" class=\"mb-4 col-xs-4  no-inner-padding def txt-primary wow  fadeInUp col-md-3 col-sm-6\">\n\t\t\t\t\t\t\t<h4  class=\"m-0  txt-primary\">Radgr\u00f6sse<\/h4 >\t\t\t\t\t\t\t<select style=\"display:none\" id=\"pa_radgroesse\" class=\" woo-variation-raw-select\" name=\"attribute_pa_radgroesse\" data-attribute_name=\"attribute_pa_radgroesse\" data-show_option_none=\"yes\"><option value=\"\">W\u00e4hle eine Option<\/option><option value=\"27-5-584mm-650b\" >27.5&quot;\/584mm (650B)<\/option><\/select><ul role=\"radiogroup\" aria-label=\"Radgr\u00f6sse\" class=\"variable-items-wrapper button-variable-items-wrapper wvs-style-squared\" data-attribute_name=\"attribute_pa_radgroesse\" data-attribute_values=\"[&quot;27-5-584mm-650b&quot;]\"><li aria-checked=\"false\" tabindex=\"0\" data-attribute_name=\"attribute_pa_radgroesse\" data-wvstooltip=\"27.5&quot;\/584mm (650B)\" class=\"variable-item button-variable-item button-variable-item-27-5-584mm-650b \" title=\"27.5&quot;\/584mm (650B)\" data-title=\"27.5&quot;\/584mm (650B)\" data-value=\"27-5-584mm-650b\" role=\"radio\" tabindex=\"0\"><div class=\"variable-item-contents\"><span class=\"variable-item-span variable-item-span-button\">27.5&quot;\/584mm (650B)<\/span><\/div><\/li><\/ul><a class=\"reset_variations\" href=\"#\" aria-label=\"Optionen l\u00f6schen\">Zur\u00fccksetzen<\/a>\t\t\t\t\t\t<\/div>\n\t\t\t\t\t\t\t\t\t<\/div>\n\n\t\t\t\t<div class=\"row\">\n\t\t\t\t\t<div class=\"col-sm-12\">\n\t\t\t\t\t<div class=\"woocommerce-variation single_variation\" role=\"alert\" aria-relevant=\"additions\"><\/div>\t\t\t\t\t<\/div>\n\t\t\t\t<\/div>\n\t\t\t\t<div class=\"reset_variations_alert screen-reader-text\" role=\"alert\" aria-live=\"polite\" aria-relevant=\"all\"><\/div>\n\t\t\t\t\t\t\t\t\n\t\t\n\t\t<\/div>\t<\/form>\n<\/div>\n<\/div>\n\n\t\t<\/div>\n<\/div>\n\n\t\t<\/div>\n\t\t\t<\/section>\n\n\n\t<section style=\" padding-top:15px;  padding-bottom:15px; \" class=\"fw-main-row bg-bg_body container autogen\">\n\t\t<div>\n\t\t  <div class=\"fw-row\">\n\t\n<div class=\"col-xs-12 txt-autogen\">\n\t\t\t\n  <div class=\"rgb_bg_gray_lighter txt_gray_darker alaya_spacing hidden-xs\">\t  <div class=\"fw-divider-space\" style=\"padding-top: 2px;\"><\/div>\n\t<\/div>\t\t<\/div>\n<\/div>\n\n\t\t<\/div>\n\t\t\t<\/section>\n\n\n\t<section style=\" padding-top:15px;  padding-bottom:15px; \" class=\"fw-main-row bg-lighter container autogen\">\n\t\t<div>\n\t\t  <div class=\"fw-row\">\n\t\n<div class=\"col-xs-12 txt-autogen\">\n\t\t\t<div class=\"fw-heading fw-heading-h1\">\n\t\t<h1 class='no'>Spezifikationen<\/h1>\t<\/div>\t\t<\/div>\n<\/div>\n\n<div class=\"fw-row\">\n\t\n<div class=\"col-xs-12 txt-autogen\">\n\t\t\t<div class='row'>\t\t\t<div data-wow-offset=\"50\" data-wow-delay=\".3s\"\t\t\t\t\tclass=\"mb-4  no-inner-padding def txt-primary wow  fadeInUp col-md-3 col-sm-6\">\n\t\t\t\t\t\t\t\t<h4  class=\"m-0  txt-primary\">Akku<\/h4 >\t\t\t\t<p class=\"m-0\"><a href=\"https:\/\/moto-center.ch\/ebikes\/akku\/bosch-powertube-625-wh-36-v\/\" rel=\"tag\">Bosch PowerTube, 625 Wh, 36 V<\/a><\/p>\t\t\t\t\t\t\t<\/div>\n\t\t\t\t\t\t<div data-wow-offset=\"50\" data-wow-delay=\".3s\"\t\t\t\t\tclass=\"mb-4  no-inner-padding def txt-primary wow  fadeInUp col-md-3 col-sm-6\">\n\t\t\t\t\t\t\t\t<h4  class=\"m-0  txt-primary\">Display<\/h4 >\t\t\t\t<p class=\"m-0\"><a href=\"https:\/\/moto-center.ch\/ebikes\/display\/bosch-kiox-300-led-display-bluetooth-le\/\" rel=\"tag\">Bosch Kiox 300, LED-Display, Bluetooth LE<\/a><\/p>\t\t\t\t\t\t\t<\/div>\n\t\t\t\t\t\t<div data-wow-offset=\"50\" data-wow-delay=\".3s\"\t\t\t\t\tclass=\"mb-4  no-inner-padding def txt-primary wow  fadeInUp col-md-3 col-sm-6\">\n\t\t\t\t\t\t\t\t<h4  class=\"m-0  txt-primary\">Antrieb<\/h4 >\t\t\t\t<p class=\"m-0\"><a href=\"https:\/\/moto-center.ch\/ebikes\/antrieb\/bosch-performance-line-250-w-75-nm\/\" rel=\"tag\">Bosch Performance Line, 250 W, 75 Nm<\/a><\/p>\t\t\t\t\t\t\t<\/div>\n\t\t\t\t\t\t<div data-wow-offset=\"50\" data-wow-delay=\".3s\"\t\t\t\t\tclass=\"mb-4  no-inner-padding def txt-primary wow  fadeInUp col-md-3 col-sm-6\">\n\t\t\t\t\t\t\t\t<h4  class=\"m-0  txt-primary\">Gabel<\/h4 >\t\t\t\t<p class=\"m-0\"><a href=\"https:\/\/moto-center.ch\/ebikes\/gabel\/sr-suntour-mobie25-lor-feder-75-mm-tapered\/\" rel=\"tag\">SR SUNTOUR Mobie25 LOR, Feder, 75 mm, Tapered<\/a><\/p>\t\t\t\t\t\t\t<\/div>\n\t\t\t<\/div><div class='row'>\t\t\t<div data-wow-offset=\"50\" data-wow-delay=\".3s\"\t\t\t\t\tclass=\"mb-4  no-inner-padding def txt-primary wow  fadeInUp col-md-3 col-sm-6\">\n\t\t\t\t\t\t\t\t<h4  class=\"m-0  txt-primary\">Rahmen<\/h4 >\t\t\t\t<p class=\"m-0\"><a href=\"https:\/\/moto-center.ch\/ebikes\/rahmen\/27-5-alloy-6061-integrierter-akku\/\" rel=\"tag\">27.5&quot;, Alloy 6061, integrierter Akku<\/a><\/p>\t\t\t\t\t\t\t<\/div>\n\t\t\t\t\t\t<div data-wow-offset=\"50\" data-wow-delay=\".3s\"\t\t\t\t\tclass=\"mb-4  no-inner-padding def txt-primary wow  fadeInUp col-md-3 col-sm-6\">\n\t\t\t\t\t\t\t\t<h4  class=\"m-0  txt-primary\">Ladeger\u00e4t<\/h4 >\t\t\t\t<p class=\"m-0\"><a href=\"https:\/\/moto-center.ch\/ebikes\/ladegeraet\/bosch-4a-charger-4-a\/\" rel=\"tag\">Bosch 4A Charger, 4 A<\/a><\/p>\t\t\t\t\t\t\t<\/div>\n\t\t\t\t\t\t<div data-wow-offset=\"50\" data-wow-delay=\".3s\"\t\t\t\t\tclass=\"mb-4  no-inner-padding def txt-primary wow  fadeInUp col-md-3 col-sm-6\">\n\t\t\t\t\t\t\t\t<h4  class=\"m-0  txt-primary\">Bedieneinheit<\/h4 >\t\t\t\t<p class=\"m-0\"><a href=\"https:\/\/moto-center.ch\/ebikes\/bedieneinheit\/bosch-led-remote\/\" rel=\"tag\">Bosch LED Remote<\/a><\/p>\t\t\t\t\t\t\t<\/div>\n\t\t\t\t\t\t<div data-wow-offset=\"50\" data-wow-delay=\".3s\"\t\t\t\t\tclass=\"mb-4  no-inner-padding def txt-primary wow  fadeInUp col-md-3 col-sm-6\">\n\t\t\t\t\t\t\t\t<h4  class=\"m-0  txt-primary\">Bremsen<\/h4 >\t\t\t\t<p class=\"m-0\"><a href=\"https:\/\/moto-center.ch\/ebikes\/bremsen\/tektro-tr45a-180-mm-center-lock\/\" rel=\"tag\">Tektro TR45A, 180 mm, Center Lock<\/a><\/p>\t\t\t\t\t\t\t<\/div>\n\t\t\t<\/div><div class='row'>\t\t\t<div data-wow-offset=\"50\" data-wow-delay=\".3s\"\t\t\t\t\tclass=\"mb-4  no-inner-padding def txt-primary wow  fadeInUp col-md-3 col-sm-6\">\n\t\t\t\t\t\t\t\t<h4  class=\"m-0  txt-primary\">Schaltwerk<\/h4 >\t\t\t\t<p class=\"m-0\"><a href=\"https:\/\/moto-center.ch\/ebikes\/schaltwerk\/shimano-deore-rd-m5100-shadow-plus-11-speed\/\" rel=\"tag\">Shimano Deore, RD-M5100, Shadow Plus, 11-speed<\/a><\/p>\t\t\t\t\t\t\t<\/div>\n\t\t\t\t\t\t<div data-wow-offset=\"50\" data-wow-delay=\".3s\"\t\t\t\t\tclass=\"mb-4  no-inner-padding def txt-primary wow  fadeInUp col-md-3 col-sm-6\">\n\t\t\t\t\t\t\t\t<h4  class=\"m-0  txt-primary\">Sattelst\u00fctze<\/h4 >\t\t\t\t<p class=\"m-0\"><a href=\"https:\/\/moto-center.ch\/ebikes\/sattelstuetze\/husqvarna-316-mm-patent\/\" rel=\"tag\">Husqvarna, 31,6 mm, Patent<\/a><\/p>\t\t\t\t\t\t\t<\/div>\n\t\t\t\n\n\t\t<\/div>\n<\/div>\n\n\t\t<\/div>\n\t\t\t<\/section>\n\n<\/p>\n","protected":false},"excerpt":{"rendered":"<p>Tourer T2 &#67;&#72;&#70;&nbsp;4&#8217;399 Urspr\u00fcnglicher Preis war: &#067;&#072;&#070;&nbsp;4&#039;399&#67;&#72;&#70;&nbsp;3&#8217;100Aktueller Preis ist: &#067;&#072;&#070;&nbsp;3&#039;100. Rahmenform W\u00e4hle eine OptionUnisex Rahmenh\u00f6he W\u00e4hle eine OptionLL Radgr\u00f6sse W\u00e4hle eine Option27.5&quot;\/584mm (650B)27.5&quot;\/584mm (650B)Zur\u00fccksetzen Spezifikationen Akku Bosch PowerTube, 625 Wh, 36 V Display Bosch Kiox 300, LED-Display, Bluetooth LE Antrieb Bosch Performance Line, 250 W, 75 Nm Gabel SR SUNTOUR Mobie25 LOR, Feder, 75 mm, [&hellip;]<\/p>\n","protected":false},"featured_media":881,"template":"","meta":[],"product_brand":[],"product_cat":[295,16],"product_tag":[],"class_list":{"0":"post-871","1":"product","2":"type-product","3":"status-publish","4":"has-post-thumbnail","6":"product_cat-allroad","7":"product_cat-e-bikes","8":"pa_akku-bosch-powertube-625-wh-36-v","9":"pa_antrieb-bosch-performance-line-250-w-75-nm","10":"pa_bedieneinheit-bosch-led-remote","11":"pa_bremsen-tektro-tr45a-180-mm-center-lock","12":"pa_display-bosch-kiox-300-led-display-bluetooth-le","13":"pa_gabel-sr-suntour-mobie25-lor-feder-75-mm-tapered","14":"pa_ladegeraet-bosch-4a-charger-4-a","15":"pa_radgroesse-27-5-584mm-650b","16":"pa_rahmen-27-5-alloy-6061-integrierter-akku","17":"pa_rahmenform-lady","18":"pa_rahmenform-unisex","19":"pa_rahmenhoehe-s","20":"pa_rahmenhoehe-m","21":"pa_rahmenhoehe-l","22":"pa_rahmenhoehe-xl","23":"pa_sattelstuetze-husqvarna-316-mm-patent","24":"pa_schaltwerk-shimano-deore-rd-m5100-shadow-plus-11-speed","27":"first","28":"instock","29":"sale","30":"shipping-taxable","31":"purchasable","32":"product-type-variable"},"_links":{"self":[{"href":"https:\/\/moto-center.ch\/ebikes\/wp-json\/wp\/v2\/product\/871","targetHints":{"allow":["GET"]}}],"collection":[{"href":"https:\/\/moto-center.ch\/ebikes\/wp-json\/wp\/v2\/product"}],"about":[{"href":"https:\/\/moto-center.ch\/ebikes\/wp-json\/wp\/v2\/types\/product"}],"wp:featuredmedia":[{"embeddable":true,"href":"https:\/\/moto-center.ch\/ebikes\/wp-json\/wp\/v2\/media\/881"}],"wp:attachment":[{"href":"https:\/\/moto-center.ch\/ebikes\/wp-json\/wp\/v2\/media?parent=871"}],"wp:term":[{"taxonomy":"product_brand","embeddable":true,"href":"https:\/\/moto-center.ch\/ebikes\/wp-json\/wp\/v2\/product_brand?post=871"},{"taxonomy":"product_cat","embeddable":true,"href":"https:\/\/moto-center.ch\/ebikes\/wp-json\/wp\/v2\/product_cat?post=871"},{"taxonomy":"product_tag","embeddable":true,"href":"https:\/\/moto-center.ch\/ebikes\/wp-json\/wp\/v2\/product_tag?post=871"}],"curies":[{"name":"wp","href":"https:\/\/api.w.org\/{rel}","templated":true}]}}