{"id":4725,"date":"2019-05-22T17:19:39","date_gmt":"2019-05-22T15:19:39","guid":{"rendered":"https:\/\/moto-center.ch\/bern\/?page_id=4725"},"modified":"2026-03-06T09:09:39","modified_gmt":"2026-03-06T08:09:39","slug":"unsere-partner","status":"publish","type":"page","link":"https:\/\/moto-center.ch\/bern\/unternehmen\/unsere-partner\/","title":{"rendered":"Unsere Partner"},"content":{"rendered":"<p>\n\t<section style=\" background-image:url(https:\/\/moto-center.ch\/bern\/wp-content\/uploads\/sites\/3\/2019\/12\/Held_Sport-1600x1066.jpg) !important; padding-top:275px;  padding-bottom:280px; \" class=\"fw-main-row  bg_positioned container-fluid autogen\">\n\t\t<div>\n\t\t  \t\t<\/div>\n\t\t\t<\/section>\n\n\n\t<section style=\" padding-top:15px;  padding-bottom:15px; \" class=\"fw-main-row bg-darker container-fluid autogen\">\n\t\t<div class=\" container\">\n\t\t  <div class=\"fw-row\">\n\t\n<div class=\"col-xs-12 txt-autogen\">\n\t\t\t<div class=\"fw-heading fw-heading-h1\">\n\t\t<h1 class='inner bg_gray_lighter txt_gray_darker'>Unsere Partner<\/h1>\t<\/div>\t\t<\/div>\n<\/div>\n\n<div class=\"fw-row\">\n\t\n<div class=\"col-xs-12 txt-autogen\">\n\t\t\t<div class=\" txt-autogen no_bg\"><p>Suchst du eine gute Fahrschule f\u00fcr die T\u00f6ffausbildung? Dann ber\u00fccksichtige eine unserer Partnerfahrschulen in deiner Gegend und du erh\u00e4ltst <strong>15% Rabatt auf Motorradbekleidung*<\/strong> bei uns im Moto-Center Bern und Moto-Center Thun. Mit diesen Fahrschulen arbeiten wir schon sehr lange und k\u00f6nnen sie mit bestem Gewissen empfehlen.<\/p><\/div>\t\t<\/div>\n<\/div>\n\n<div class=\"fw-row\">\n\t\n<div class=\"col-xs-12 col-sm-3 col-md-3 wrapper-4 txt-autogen\">\n\t\t<div class=\"inner bg-lighter-9 text-center\">\t\t<div class=\"img_effects\">\n\t<figure class=\"\" style=\"cursor:default;\">\n\t\t<img decoding=\"async\" class=\"img-responsive\" src=\"https:\/\/moto-center.ch\/bern\/wp-content\/uploads\/sites\/3\/2019\/12\/Fahrschule_Zytglogge-400x400.png\">\n\t\t\t\t\t<figcaption class=\"text-left\">\n\t\t\t\t\t\t\t\t\t\t\t\t<a class=\"main-btn\" href=\"http:\/\/www.fahrschule-zytglogge.ch\/\"\n\t\t\t\t\ttarget=\"_blank\"><\/a>\t\t\t<\/figcaption>\n\t\t\t<\/figure>\n<\/div><div class=\" txt-autogen no_bg\"><p style=\"text-align: center;\">Fahrschule Zytglogge<br \/>Michael Feller<br \/>St\u00f6ckackerstrasse 40<br \/>3027 Bern<br \/>Telefon 079 674 07 46<br \/><a href=\"mailto:mail@fahrschule-feller.ch\" target=\"_blank\" rel=\"noopener\">mail@fahrschule-feller.ch<\/a><\/p><p style=\"text-align: center;\"><\/div>\t\t<\/div><\/div>\n\n<div class=\"col-xs-12 col-sm-3 col-md-3 wrapper-4 txt-autogen\">\n\t\t<div class=\"inner bg-lighter-9 text-center\">\t\t<div class=\"img_effects\">\n\t<figure class=\"\" style=\"cursor:default;\">\n\t\t<img decoding=\"async\" class=\"img-responsive\" src=\"https:\/\/moto-center.ch\/bern\/wp-content\/uploads\/sites\/3\/2019\/12\/Fahrschule_Aare_black-400x400.png\">\n\t\t\t\t\t<figcaption class=\"text-left\">\n\t\t\t\t\t\t\t\t\t\t\t\t<a class=\"main-btn\" href=\"https:\/\/www.fahrschule-aare.ch\/\"\n\t\t\t\t\ttarget=\"_blank\"><\/a>\t\t\t<\/figcaption>\n\t\t\t<\/figure>\n<\/div><div class=\" txt-autogen no_bg\"><p style=\"text-align: center;\">Fahrschule Aare<br \/>Daniel Feldmann<br \/>Freiburgstrasse 251<br \/>3018 Bern<br \/>Telefon 031 991 30 14<br \/><a href=\"mailto:info@fahrschule-aare.ch\">info@fahrschule-aare.ch<\/a><\/p><\/div>\t\t<\/div><\/div>\n\n<div class=\"col-xs-12 col-sm-3 col-md-3 wrapper-4 txt-autogen\">\n\t\t<div class=\"inner bg-lighter-9 text-center\">\t\t<div class=\"img_effects\">\n\t<figure class=\"\" style=\"cursor:default;\">\n\t\t<img decoding=\"async\" class=\"img-responsive\" src=\"https:\/\/moto-center.ch\/bern\/wp-content\/uploads\/sites\/3\/2023\/01\/BernerFahrschule-400x400.png\">\n\t\t\t\t\t<figcaption class=\"text-left\">\n\t\t\t\t\t\t\t\t\t\t\t\t<a class=\"main-btn\" href=\"https:\/\/www.bernerfahrschule.ch\/\"\n\t\t\t\t\ttarget=\"_blank\"><\/a>\t\t\t<\/figcaption>\n\t\t\t<\/figure>\n<\/div><div class=\" txt-autogen no_bg\"><p style=\"text-align: center;\">Bernerfahrschule<br \/>Marco Gerber<br \/>Wannersmattweg 10j<br \/>3250 Lyss<br \/>Telefon 079 958 17 05<br \/><a href=\"mailto:kontakt@bernerfahrschule.ch\">kontakt@bernerfahrschule.ch<\/a><\/p><\/div>\t\t<\/div><\/div>\n\n<div class=\"col-xs-12 col-sm-3 col-md-3 wrapper-4 txt-autogen\">\n\t\t<div class=\"inner bg-lighter-9 text-center\">\t\t<div class=\"img_effects\">\n\t<figure class=\"\" style=\"cursor:default;\">\n\t\t<img decoding=\"async\" class=\"img-responsive\" src=\"https:\/\/moto-center.ch\/bern\/wp-content\/uploads\/sites\/3\/2023\/01\/ModernDrive-400x400.png\">\n\t\t\t\t\t<figcaption class=\"text-left\">\n\t\t\t\t\t\t\t\t\t\t\t\t<a class=\"main-btn\" href=\"https:\/\/moderndrive.ch\/\"\n\t\t\t\t\ttarget=\"_blank\"><\/a>\t\t\t<\/figcaption>\n\t\t\t<\/figure>\n<\/div><div class=\" txt-autogen no_bg\"><p style=\"text-align: center;\">Modern Drive AG<br \/>Andr\u00e9 Grossenbacher<br \/>Melchtalstrasse 17<br \/>3014 Bern<br \/>Telefon 079 696 66 62<br \/><a href=\"mailto:info@moderndrive.ch\">info@moderndrive.ch<\/a><\/p><\/div>\t\t<\/div><\/div>\n<\/div>\n\n<div class=\"fw-row\">\n\t\n<div class=\"col-xs-12 col-sm-3 col-md-3 wrapper-4 txt-autogen\">\n\t\t<div class=\"inner bg-lighter-9 text-center\">\t\t<div class=\"img_effects\">\n\t<figure class=\"\" style=\"cursor:default;\">\n\t\t<img decoding=\"async\" class=\"img-responsive\" src=\"https:\/\/moto-center.ch\/bern\/wp-content\/uploads\/sites\/3\/2023\/01\/DrivingByNino-400x400.png\">\n\t\t\t\t\t<figcaption class=\"text-left\">\n\t\t\t\t\t\t\t\t\t\t\t\t<a class=\"main-btn\" href=\"https:\/\/drivingbynino.ch\/\"\n\t\t\t\t\ttarget=\"_blank\"><\/a>\t\t\t<\/figcaption>\n\t\t\t<\/figure>\n<\/div><div class=\" txt-autogen no_bg\"><p style=\"text-align: center;\">Fahrschule drivingbynino GmbH<br \/>Nino Martone<br \/>Bahnhofstrasse 12<br \/>3250 Lyss<br \/>Telefon 078 723 15 65<br \/><a href=\"mailto:nino@drivingbynino.ch\">nino@drivingbynino.ch<\/a><\/p><\/div>\t\t<\/div><\/div>\n\n<div class=\"col-xs-12 col-sm-3 col-md-3 wrapper-4 txt-autogen\">\n\t\t<div class=\"inner bg-lighter-9 text-center\">\t\t<div class=\"img_effects\">\n\t<figure class=\"\" style=\"cursor:default;\">\n\t\t<img decoding=\"async\" class=\"img-responsive\" src=\"https:\/\/moto-center.ch\/bern\/wp-content\/uploads\/sites\/3\/2019\/12\/Fahrschule_Motorrad_fahren-400x400.png\">\n\t\t\t\t\t<figcaption class=\"text-left\">\n\t\t\t\t\t\t\t\t\t\t\t\t<a class=\"main-btn\" href=\"http:\/\/www.motorrad-fahren.ch\/\"\n\t\t\t\t\ttarget=\"_blank\"><\/a>\t\t\t<\/figcaption>\n\t\t\t<\/figure>\n<\/div><div class=\" txt-autogen no_bg\"><p style=\"text-align: center;\">Motorrad-fahren.ch<br \/>Markus Hess<br \/>Pfandacker 33<br \/>3033 Wohlen bei Bern<br \/>Telefon 079 669 03 06<br \/><a href=\"mailto:mh@motorrad-fahren.ch\">mh@motorrad-fahren.ch<\/a><\/p><\/div>\t\t<\/div><\/div>\n\n<div class=\"col-xs-12 col-sm-3 col-md-3 wrapper-4 txt-autogen\">\n\t\t<div class=\"inner bg-lighter-9 text-center\">\t\t<div class=\"img_effects\">\n\t<figure class=\"\" style=\"cursor:default;\">\n\t\t<img decoding=\"async\" class=\"img-responsive\" src=\"https:\/\/moto-center.ch\/bern\/wp-content\/uploads\/sites\/3\/2023\/07\/ReadyToDrive-400x400.png\">\n\t\t\t\t\t<figcaption class=\"text-left\">\n\t\t\t\t\t\t\t\t\t\t\t\t<a class=\"main-btn\" href=\"https:\/\/readytodrive.ch\/\"\n\t\t\t\t\ttarget=\"_blank\"><\/a>\t\t\t<\/figcaption>\n\t\t\t<\/figure>\n<\/div><div class=\" txt-autogen no_bg\"><p style=\"text-align: center;\">Fahrschule READY TO DRIVE<br \/>Daniele Di Girolamo<br \/>Brandstrasse 23<br \/>CH-3203 M\u00fchleberg<br \/>Telefon 079 318 97 52<br \/><a href=\"mailto:info@readytodrive.ch\">info@readytodrive.ch<\/a><\/p><\/div>\t\t<\/div><\/div>\n\n<div class=\"col-xs-12 col-sm-3 col-md-3 wrapper-4 txt-autogen\">\n\t\t<div class=\"inner bg-lighter-9 text-center\">\t\t<div class=\"img_effects\">\n\t<figure class=\"\" style=\"cursor:default;\">\n\t\t<img decoding=\"async\" class=\"img-responsive\" src=\"https:\/\/moto-center.ch\/bern\/wp-content\/uploads\/sites\/3\/2023\/03\/Drive_Life-400x400.png\">\n\t\t\t\t\t<figcaption class=\"text-left\">\n\t\t\t\t\t\t\t\t\t\t\t\t<a class=\"main-btn\" href=\"https:\/\/drivelife.ch\/\"\n\t\t\t\t\ttarget=\"_blank\"><\/a>\t\t\t<\/figcaption>\n\t\t\t<\/figure>\n<\/div><div class=\" txt-autogen no_bg\"><p>Fahrschule Drive Life<br \/>Aarbergstrasse 102<br \/>2502 Biel-Bienne<br \/>Telefon 031 558 30 52<br \/><a href=\"mailto:info@berndrive.ch\">info@berndrive.ch<\/a><br \/><span style=\"color: #eeeeee00;\">a<\/span><\/p><\/div>\t\t<\/div><\/div>\n<\/div>\n\n<div class=\"fw-row\">\n\t\n<div class=\"col-xs-12 col-sm-3 col-md-3 wrapper-4 txt-autogen\">\n\t\t<div class=\"inner bg-lighter-9 text-center\">\t\t<div class=\"img_effects\">\n\t<figure class=\"\" style=\"cursor:default;\">\n\t\t<img decoding=\"async\" class=\"img-responsive\" src=\"https:\/\/moto-center.ch\/bern\/wp-content\/uploads\/sites\/3\/2023\/03\/Bern_Drive-400x400.png\">\n\t\t\t\t\t<figcaption class=\"text-left\">\n\t\t\t\t\t\t\t\t\t\t\t\t<a class=\"main-btn\" href=\"https:\/\/berndrive.ch\/\"\n\t\t\t\t\ttarget=\"_blank\"><\/a>\t\t\t<\/figcaption>\n\t\t\t<\/figure>\n<\/div><div class=\" txt-autogen no_bg\"><p>Fahrschule Bern Drive<br \/>Bubenbergplatz 8<br \/>3011 Bern<br \/>Telefon 031 558 30 52<br \/><a href=\"mailto:info@berndrive.ch\">info@berndrive.ch<\/a><br \/><span style=\"color: #eeeeee00;\">a<\/span><\/p><\/div>\t\t<\/div><\/div>\n\n<div class=\"col-xs-12 col-sm-3 col-md-3 wrapper-4 txt-autogen\">\n\t\t<div class=\"inner bg-lighter-9 text-center\">\t\t<div class=\"img_effects\">\n\t<figure class=\"\" style=\"cursor:default;\">\n\t\t<img decoding=\"async\" class=\"img-responsive\" src=\"https:\/\/moto-center.ch\/bern\/wp-content\/uploads\/sites\/3\/2023\/07\/Fahrschule_Wuethrich_Reto_by_Blink-400x400.png\">\n\t\t\t\t\t<figcaption class=\"text-left\">\n\t\t\t\t\t\t\t\t\t\t\t\t<a class=\"main-btn\" href=\"https:\/\/fahrschule-wuethrich.ch\/\"\n\t\t\t\t\ttarget=\"_blank\"><\/a>\t\t\t<\/figcaption>\n\t\t\t<\/figure>\n<\/div><div class=\" txt-autogen no_bg\"><p>Fahrschule W\u00fcthrich by Blink<br \/>Jurastrasse 79<br \/>2544 Bettlach<br \/>Telefon 032 539 10 05<br \/><a href=\"mailto:solothurn@blinkdrive.ch\">solothurn@blinkdrive.ch<\/a><\/p><\/div>\n  \t  <div class=\"fw-divider-space\" style=\"padding-top: 20px;\"><\/div>\n\t\t\t<\/div><\/div>\n\n<div class=\"col-xs-12 col-sm-3 col-md-3 wrapper-4 txt-autogen\">\n\t\t<div class=\"inner bg-lighter-9 text-center\">\t\t<div class=\"img_effects\">\n\t<figure class=\"\" style=\"cursor:default;\">\n\t\t<img decoding=\"async\" class=\"img-responsive\" src=\"https:\/\/moto-center.ch\/bern\/wp-content\/uploads\/sites\/3\/2019\/12\/Fahrschule_Aare_Aemme-400x400.png\">\n\t\t\t\t\t<figcaption class=\"text-left\">\n\t\t\t\t\t\t\t\t\t\t\t\t<a class=\"main-btn\" href=\"https:\/\/www.fsaa.ch\/\"\n\t\t\t\t\ttarget=\"_blank\"><\/a>\t\t\t<\/figcaption>\n\t\t\t<\/figure>\n<\/div><div class=\" txt-autogen no_bg\"><p>Fahrschule Aare-Aemme GmbH<br \/>Adrian Killmann<br \/>Solothurnstrasse 24c<br \/>CH-3422 Kirchberg<br \/>Telefon 034 445 15 15<br \/><a href=\"mailto:info@fsaa.ch\">info@fsaa.ch<\/a><\/p><\/div>\t\t<\/div><\/div>\n\n<div class=\"col-xs-12 col-sm-3 col-md-3 wrapper-4 txt-autogen\">\n\t\t<div class=\"inner bg-lighter-9 text-center\">\t\t<div class=\"img_effects\">\n\t<figure class=\"\" style=\"cursor:default;\">\n\t\t<img decoding=\"async\" class=\"img-responsive\" src=\"https:\/\/moto-center.ch\/bern\/wp-content\/uploads\/sites\/3\/2019\/12\/Fahrschule_GA-RO-400x400.png\">\n\t\t\t\t\t<figcaption class=\"text-left\">\n\t\t\t\t\t\t\t\t\t\t\t\t<a class=\"main-btn\" href=\"http:\/\/www.ga-ro.ch\/\"\n\t\t\t\t\ttarget=\"_blank\"><\/a>\t\t\t<\/figcaption>\n\t\t\t<\/figure>\n<\/div><div class=\" txt-autogen no_bg\"><p>Fahrschule GA-RO GmbH<br \/>Ren\u00e9 Roth<br \/>Scherzligweg 10A<br \/>3600 Thun<br \/>Telefon 079 356 29 27<br \/><a href=\"mailto:ren.roth24@gmail.com\">ren.roth24@gmail.com<\/a><\/p><\/div>\t\t<\/div><\/div>\n<\/div>\n\n<div class=\"fw-row\">\n\t\n<div class=\"col-xs-12 col-sm-3 col-md-3 wrapper-4 txt-autogen\">\n\t\t<div class=\"inner bg-lighter-9 text-center\">\t\t<div class=\"img_effects\">\n\t<figure class=\"\" style=\"cursor:default;\">\n\t\t<img decoding=\"async\" class=\"img-responsive\" src=\"https:\/\/moto-center.ch\/bern\/wp-content\/uploads\/sites\/3\/2023\/03\/Thun_Drive-400x400.png\">\n\t\t\t\t\t<figcaption class=\"text-left\">\n\t\t\t\t\t\t\t\t\t\t\t\t<a class=\"main-btn\" href=\"http:\/\/www.thundrive.ch\/\"\n\t\t\t\t\ttarget=\"_blank\"><\/a>\t\t\t<\/figcaption>\n\t\t\t<\/figure>\n<\/div><div class=\" txt-autogen no_bg\"><p>Fahrschule Thun Drive<br \/>Frutigenstrasse 4<br \/>3600 Thun<br \/>Telefon 031 558 30 52<br \/><a href=\"mailto:info@berndrive.ch\">info@berndrive.ch<\/a><\/p><\/div>\t\t<\/div><\/div>\n\n<div class=\"col-xs-12 col-sm-3 col-md-3 wrapper-4 txt-autogen\">\n\t\t<div class=\"inner bg-lighter-9 text-center\">\t\t<div class=\"img_effects\">\n\t<figure class=\"\" style=\"cursor:default;\">\n\t\t<img decoding=\"async\" class=\"img-responsive\" src=\"https:\/\/moto-center.ch\/bern\/wp-content\/uploads\/sites\/3\/2025\/06\/Driving_Evolution-400x400.png\">\n\t\t\t\t\t<figcaption class=\"text-left\">\n\t\t\t\t\t\t\t\t\t\t\t\t<a class=\"main-btn\" href=\"https:\/\/www.drivingevolution.ch\/\"\n\t\t\t\t\ttarget=\"_blank\"><\/a>\t\t\t<\/figcaption>\n\t\t\t<\/figure>\n<\/div><div class=\" txt-autogen no_bg\"><p style=\"text-align: center;\">Driving Evolution GmbH<br \/>Lukas Jakob<br \/>Obere Hauptgasse 87<br \/>3600 Thun<br \/>Telefon 079 800 51 51<br \/><a href=\"mailto:lukas@drivingevolution.ch\">lukas@drivingevolution.ch<\/a><\/p><\/div>\t\t<\/div><\/div>\n\n<div class=\"col-xs-12 col-sm-3 col-md-3 wrapper-4 txt-autogen\">\n\t\t<div class=\"inner bg-lighter-9 text-center\">\t\t<div class=\"img_effects\">\n\t<figure class=\"\" style=\"cursor:default;\">\n\t\t<img decoding=\"async\" class=\"img-responsive\" src=\"https:\/\/moto-center.ch\/bern\/wp-content\/uploads\/sites\/3\/2019\/12\/BMW-Club-Seeland_Logo_Partner-400x400.jpg\">\n\t\t\t\t\t<figcaption class=\"text-left\">\n\t\t\t\t\t\t\t\t\t\t\t\t<a class=\"main-btn\" href=\"https:\/\/www.bmw-mc-seeland.ch\/\"\n\t\t\t\t\ttarget=\"_blank\"><\/a>\t\t\t<\/figcaption>\n\t\t\t<\/figure>\n<\/div><div class=\" txt-autogen no_bg\"><p style=\"text-align: center;\">BMW Motorrad Club Seeland<br \/>Peter Mathys<br \/>2557 Studen<br \/><a href=\"mailto:bmw-mc-seeland@gmx.ch\">bmw-mc-seeland@gmx.ch<\/a><br \/><span style=\"color: #eeeeee00;\">a<\/span><\/p><\/div>\t\t<\/div><\/div>\n\n<div class=\"col-xs-12 col-sm-3 col-md-3 wrapper-4 txt-autogen\">\n\t\t<div class=\"inner bg-lighter-9 text-center\">\t\t<div class=\"img_effects\">\n\t<figure class=\"\" style=\"cursor:default;\">\n\t\t<img decoding=\"async\" class=\"img-responsive\" src=\"https:\/\/moto-center.ch\/bern\/wp-content\/uploads\/sites\/3\/2019\/12\/BMW-Club-Thunersee-Logo_Partner-400x400.jpg\">\n\t\t\t\t\t<figcaption class=\"text-left\">\n\t\t\t\t\t\t\t\t\t\t\t\t<a class=\"main-btn\" href=\"https:\/\/www.facebook.com\/BMW-Club-Thunersee-623125661449870\/\"\n\t\t\t\t\ttarget=\"_blank\"><\/a>\t\t\t<\/figcaption>\n\t\t\t<\/figure>\n<\/div><div class=\" txt-autogen no_bg\"><p style=\"text-align: center;\">BMW Motorrad Club Thunersee<br \/>Buchholz 16<br \/>3713 Reichenbach im Kandertal<br \/><a href=\"mailto:info@bmwthunersee.ch\" target=\"_blank\" rel=\"noopener\">info@bmwthunersee.ch<\/a><\/p><\/div>\t\t<\/div><\/div>\n<\/div>\n\n<div class=\"fw-row\">\n\t\n<div class=\"col-xs-12 col-sm-3 col-md-3 wrapper-4 txt-autogen\">\n\t\t<div class=\"inner bg-lighter-9 text-center\">\t\t<div class=\"img_effects\">\n\t<figure class=\"\" style=\"cursor:default;\">\n\t\t<img decoding=\"async\" class=\"img-responsive\" src=\"https:\/\/moto-center.ch\/bern\/wp-content\/uploads\/sites\/3\/2021\/10\/MC_Jungfrau-Logo_Partner-400x400.jpg\">\n\t\t\t\t\t<figcaption class=\"text-left\">\n\t\t\t\t\t\t\t\t\t\t\t\t<a class=\"main-btn\" href=\"https:\/\/www.motoclub-jungfrau.ch\/\"\n\t\t\t\t\ttarget=\"_blank\"><\/a>\t\t\t<\/figcaption>\n\t\t\t<\/figure>\n<\/div><div class=\" txt-autogen no_bg\"><p style=\"text-align: center;\">Motoclub Jungfrau<br \/>Bernhard Zingrich<br \/><span style=\"color: #33996600;\">a<\/span><br \/>3800 Interlaken<br \/><a href=\"mailto:info@motoclub-jungfrau.ch\" target=\"_blank\" rel=\"noopener\">info@motoclub-jungfrau.ch<\/a><\/p><\/div>\t\t<\/div><\/div>\n\n<div class=\"col-xs-12 col-sm-3 col-md-3 wrapper-4 txt-autogen\">\n\t\t<div class=\"inner bg-lighter-9 text-center\">\t\t<div class=\"img_effects\">\n\t<figure class=\"\" style=\"cursor:default;\">\n\t\t<img decoding=\"async\" class=\"img-responsive\" src=\"https:\/\/moto-center.ch\/bern\/wp-content\/uploads\/sites\/3\/2019\/12\/Enduro_Team_Maroc-400x400.png\">\n\t\t\t\t\t<figcaption class=\"text-left\">\n\t\t\t\t\t\t\t\t\t\t\t\t<a class=\"main-btn\" href=\"https:\/\/www.enduro-maroc.ch\/Startseite\/\"\n\t\t\t\t\ttarget=\"_blank\"><\/a>\t\t\t<\/figcaption>\n\t\t\t<\/figure>\n<\/div><div class=\" txt-autogen no_bg\"><p style=\"text-align: center;\">Enduro Team - Maroc<br \/>c\/o Boris Stebler<br \/>Bonnstrasse 24<br \/>3186 D\u00fcdingen \/ FR<br \/><\/a><a href=\"mailto:stebler@sensemail.ch\">stebler@sensemail.ch<\/a><\/p><\/div>\t\t<\/div><\/div>\n\n<div class=\"col-xs-12 col-sm-3 col-md-3 wrapper-4 txt-autogen\">\n\t\t<div class=\"inner bg-lighter-9 text-center\">\t\t<div class=\"img_effects\">\n\t<figure class=\"\" style=\"cursor:default;\">\n\t\t<img decoding=\"async\" class=\"img-responsive\" src=\"https:\/\/moto-center.ch\/bern\/wp-content\/uploads\/sites\/3\/2021\/10\/Auto_Marti_Thun-400x400.png\">\n\t\t\t\t\t<figcaption class=\"text-left\">\n\t\t\t\t\t\t\t\t\t\t\t\t<a class=\"main-btn\" href=\"https:\/\/dealer.bmw.ch\/automarti\/de\"\n\t\t\t\t\ttarget=\"_blank\"><\/a>\t\t\t<\/figcaption>\n\t\t\t<\/figure>\n<\/div><div class=\" txt-autogen no_bg\"><p style=\"text-align: center;\">Auto Marti AG<br \/>Simon Widmer<br \/>Hallmattstrasse 33<br \/>3172 Bern Niederwangen<br \/><a href=\"mailto:info@automarti.ch\">info@automarti.ch<\/a><\/p><\/div>\t\t<\/div><\/div>\n\n<div class=\"col-xs-12 col-sm-3 col-md-3 wrapper-4 txt-autogen\">\n\t\t<div class=\"inner bg-lighter-9 text-center\">\t\t<div class=\"img_effects\">\n\t<figure class=\"\" style=\"cursor:default;\">\n\t\t<img decoding=\"async\" class=\"img-responsive\" src=\"https:\/\/moto-center.ch\/bern\/wp-content\/uploads\/sites\/3\/2025\/06\/Volt_Monkeys-400x400.png\">\n\t\t\t\t\t<figcaption class=\"text-left\">\n\t\t\t\t\t\t\t\t\t\t\t\t<a class=\"main-btn\" href=\"https:\/\/voltmonkeys.ch\/\"\n\t\t\t\t\ttarget=\"_blank\"><\/a>\t\t\t<\/figcaption>\n\t\t\t<\/figure>\n<\/div><div class=\" txt-autogen no_bg\"><p style=\"text-align: center;\">Volt Monkeys<br \/>Kevin Hostettler<br \/>T\u00e4nnlenenweg 3<br \/>3152 Mamishaus<br \/><a href=\"mailto:info@voltmonkeys.ch\">info@voltmonkeys.ch<\/a><\/p><\/div>\t\t<\/div><\/div>\n<\/div>\n\n<div class=\"fw-row\">\n\t\n<div class=\"col-xs-12 txt-autogen\">\n\t\t\t<div class=\" txt-autogen no_bg\"><p>*Der Rabatt ist nur g\u00fcltig auf Lagerware exkl. LIQ-SHOP oder bereits reduzierte Ware. Rabatt ist nicht kumulierbar.<\/p><\/div>\t\t<\/div>\n<\/div>\n\n\t\t<\/div>\n\t\t\t<\/section>\n\n<\/p>\n","protected":false},"excerpt":{"rendered":"<p>Unsere Partner Suchst du eine gute Fahrschule f\u00fcr die T\u00f6ffausbildung? Dann ber\u00fccksichtige eine unserer Partnerfahrschulen in deiner Gegend und du erh\u00e4ltst 15% Rabatt auf Motorradbekleidung* bei uns im Moto-Center Bern und Moto-Center Thun. Mit diesen Fahrschulen arbeiten wir schon sehr lange und k\u00f6nnen sie mit bestem Gewissen empfehlen. Fahrschule ZytgloggeMichael FellerSt\u00f6ckackerstrasse 403027 BernTelefon 079 674 [&hellip;]<\/p>\n","protected":false},"author":3,"featured_media":5718,"parent":2,"menu_order":4,"comment_status":"closed","ping_status":"closed","template":"","meta":{"footnotes":""},"class_list":["post-4725","page","type-page","status-publish","has-post-thumbnail","hentry"],"_links":{"self":[{"href":"https:\/\/moto-center.ch\/bern\/wp-json\/wp\/v2\/pages\/4725","targetHints":{"allow":["GET"]}}],"collection":[{"href":"https:\/\/moto-center.ch\/bern\/wp-json\/wp\/v2\/pages"}],"about":[{"href":"https:\/\/moto-center.ch\/bern\/wp-json\/wp\/v2\/types\/page"}],"author":[{"embeddable":true,"href":"https:\/\/moto-center.ch\/bern\/wp-json\/wp\/v2\/users\/3"}],"replies":[{"embeddable":true,"href":"https:\/\/moto-center.ch\/bern\/wp-json\/wp\/v2\/comments?post=4725"}],"version-history":[{"count":4,"href":"https:\/\/moto-center.ch\/bern\/wp-json\/wp\/v2\/pages\/4725\/revisions"}],"predecessor-version":[{"id":9366,"href":"https:\/\/moto-center.ch\/bern\/wp-json\/wp\/v2\/pages\/4725\/revisions\/9366"}],"up":[{"embeddable":true,"href":"https:\/\/moto-center.ch\/bern\/wp-json\/wp\/v2\/pages\/2"}],"wp:featuredmedia":[{"embeddable":true,"href":"https:\/\/moto-center.ch\/bern\/wp-json\/wp\/v2\/media\/5718"}],"wp:attachment":[{"href":"https:\/\/moto-center.ch\/bern\/wp-json\/wp\/v2\/media?parent=4725"}],"curies":[{"name":"wp","href":"https:\/\/api.w.org\/{rel}","templated":true}]}}