{"id":23,"date":"2016-01-26T21:17:15","date_gmt":"2016-01-26T20:17:15","guid":{"rendered":"http:\/\/moto-center.ch\/bern\/?page_id=23"},"modified":"2026-01-26T21:01:44","modified_gmt":"2026-01-26T20:01:44","slug":"team","status":"publish","type":"page","link":"https:\/\/moto-center.ch\/bern\/unternehmen\/team\/","title":{"rendered":"Team"},"content":{"rendered":"\n\t<section style=\" padding-top:155px;  padding-bottom:15px; \" class=\"fw-main-row bg-darker container-fluid autogen\">\n\t\t<div class=\" container\">\n\t\t  <div class=\"fw-row\">\n\t\n<div class=\"col-xs-12 txt-autogen\">\n\t\t\t<div class=\"fw-heading fw-heading-h1\">\n\t\t<h1 class='inner bg_default'>Laden<\/h1>\t<\/div>\t\t<\/div>\n<\/div>\n\n<div class=\"fw-row\">\n\t\n<div class=\"col-xs-12 col-sm-4 col-md-2 wrapper-4 txt-autogen\">\n\t\t<div class=\"inner bg-primary def\">\t\t<div class=\"fw-team\">    \n\t<img decoding=\"async\" class=\"trigger img-responsive\" src=\"https:\/\/moto-center.ch\/bern\/wp-content\/uploads\/sites\/3\/2018\/07\/Daniela-400x400.png\" alt=\"Daniela Mischler\"\/>\n\t<div class=\"fw-team-inner\" role=\"tooltip\">\n\t\t<div class=\"fw-team-name head hide\">\n\t\t\t<h4>Daniela Mischler<\/h4>\n\t\t\t<span>Leiterin<\/span>\n\t\t<\/div>\n\t\t<div class=\"fw-team-text content hide\">\n\t\t\t<p><a href=\"mailto:&#98;e&#114;&#110;&#64;&#109;ot&#111;-&#99;ent&#101;&#114;.&#99;h\">E-Mail<\/a><br \/>031 992 16 10<\/p>\t\t<\/div>\n\t<\/div>\n<\/div>\n\n\t\t<\/div><\/div>\n\n<div class=\"col-xs-12 col-sm-4 col-md-2 wrapper-4 txt-autogen\">\n\t\t<div class=\"inner bg-lighter def\">\t\t<div class=\"fw-team\">    \n\t<img decoding=\"async\" class=\"trigger img-responsive\" src=\"https:\/\/moto-center.ch\/bern\/wp-content\/uploads\/sites\/3\/2022\/11\/Sonja-400x400.png\" alt=\"Sonja Steiner\"\/>\n\t<div class=\"fw-team-inner\" role=\"tooltip\">\n\t\t<div class=\"fw-team-name head hide\">\n\t\t\t<h4>Sonja Steiner<\/h4>\n\t\t\t<span>Stv. Leiterin<\/span>\n\t\t<\/div>\n\t\t<div class=\"fw-team-text content hide\">\n\t\t\t<p><a href=\"mailto:be&#114;&#110;&#64;&#109;&#111;to-cent&#101;&#114;&#46;&#99;h\">E-Ma&#105;l<\/a><br \/>031 992 16 10<\/p>\t\t<\/div>\n\t<\/div>\n<\/div>\n\n\t\t<\/div><\/div>\n\n<div class=\"col-xs-12 col-sm-4 col-md-2 wrapper-4 txt-autogen\">\n\t\t<div class=\"inner bg-lighter def\">\t\t<div class=\"fw-team\">    \n\t<img decoding=\"async\" class=\"trigger img-responsive\" src=\"https:\/\/moto-center.ch\/bern\/wp-content\/uploads\/sites\/3\/2018\/07\/Daniela2-400x400.png\" alt=\"Daniela Augsburger\"\/>\n\t<div class=\"fw-team-inner\" role=\"tooltip\">\n\t\t<div class=\"fw-team-name head hide\">\n\t\t\t<h4>Daniela Augsburger<\/h4>\n\t\t\t<span>Verk\u00e4uferin<\/span>\n\t\t<\/div>\n\t\t<div class=\"fw-team-text content hide\">\n\t\t\t\t\t<\/div>\n\t<\/div>\n<\/div>\n\n\t\t<\/div><\/div>\n\n<div class=\"col-xs-12 col-sm-4 col-md-2 wrapper-4 txt-autogen\">\n\t\t<div class=\"inner bg-lighter def\">\t\t<div class=\"fw-team\">    \n\t<img decoding=\"async\" class=\"trigger img-responsive\" src=\"https:\/\/moto-center.ch\/bern\/wp-content\/uploads\/sites\/3\/2026\/01\/Pascale-400x400.png\" alt=\"Pascale Marti\"\/>\n\t<div class=\"fw-team-inner\" role=\"tooltip\">\n\t\t<div class=\"fw-team-name head hide\">\n\t\t\t<h4>Pascale Marti<\/h4>\n\t\t\t<span>Verk\u00e4uferin<\/span>\n\t\t<\/div>\n\t\t<div class=\"fw-team-text content hide\">\n\t\t\t\t\t<\/div>\n\t<\/div>\n<\/div>\n\n\t\t<\/div><\/div>\n\n<div class=\"col-xs-12 col-sm-4 col-md-2 wrapper-4 txt-autogen\">\n\t\t<div class=\"inner bg-lighter def\">\t\t<div class=\"fw-team\">    \n\t<img decoding=\"async\" class=\"trigger img-responsive\" src=\"https:\/\/moto-center.ch\/bern\/wp-content\/uploads\/sites\/3\/2023\/08\/Vakant-400x400.png\" alt=\"Robert B\u00e4chler\"\/>\n\t<div class=\"fw-team-inner\" role=\"tooltip\">\n\t\t<div class=\"fw-team-name head hide\">\n\t\t\t<h4>Robert B\u00e4chler<\/h4>\n\t\t\t<span>Verk\u00e4ufer<\/span>\n\t\t<\/div>\n\t\t<div class=\"fw-team-text content hide\">\n\t\t\t\t\t<\/div>\n\t<\/div>\n<\/div>\n\n\t\t<\/div><\/div>\n\n<div class=\"col-xs-12 col-sm-4 col-md-2 wrapper-4 txt-autogen\">\n\t\t<div class=\"inner bg-lighter def\">\t\t<div class=\"fw-team\">    \n\t<img decoding=\"async\" class=\"trigger img-responsive\" src=\"https:\/\/moto-center.ch\/bern\/wp-content\/uploads\/sites\/3\/2023\/08\/Vakant-400x400.png\" alt=\"Stefanie Stucki\"\/>\n\t<div class=\"fw-team-inner\" role=\"tooltip\">\n\t\t<div class=\"fw-team-name head hide\">\n\t\t\t<h4>Stefanie Stucki<\/h4>\n\t\t\t<span>Verk\u00e4uferin<\/span>\n\t\t<\/div>\n\t\t<div class=\"fw-team-text content hide\">\n\t\t\t\t\t<\/div>\n\t<\/div>\n<\/div>\n\n\t\t<\/div><\/div>\n<\/div>\n\n<div class=\"fw-row\">\n\t\n<div class=\"col-xs-12 txt-autogen\">\n\t\t\t\n  \t  <div class=\"fw-divider-space\" style=\"padding-top: 200px;\"><\/div>\n\t\t\t<\/div>\n<\/div>\n\n<div class=\"fw-row\">\n\t\n<div class=\"col-xs-12 txt-autogen\">\n\t\t\t\n  \t  <div class=\"fw-divider-space\" style=\"padding-top: 200px;\"><\/div>\n\t\t\t<\/div>\n<\/div>\n\n<div class=\"fw-row\">\n\t\n<div class=\"col-xs-12 txt-autogen\">\n\t\t\t\n  \t  <div class=\"fw-divider-space\" style=\"padding-top: 50px;\"><\/div>\n\t\t\t<\/div>\n<\/div>\n\n\t\t<\/div>\n\t\t\t<\/section>\n\n\n","protected":false},"excerpt":{"rendered":"<p>Laden Daniela Mischler Leiterin &#69;-M&#97;&#105;l031 992 16 10 Sonja Steiner Stv. Leiterin E-&#77;a&#105;&#108;031 992 16 10 Daniela Augsburger Verk\u00e4uferin Pascale Marti Verk\u00e4uferin Robert B\u00e4chler Verk\u00e4ufer Stefanie Stucki Verk\u00e4uferin<\/p>\n","protected":false},"author":3,"featured_media":0,"parent":2,"menu_order":2,"comment_status":"closed","ping_status":"closed","template":"","meta":{"footnotes":""},"class_list":["post-23","page","type-page","status-publish","hentry"],"_links":{"self":[{"href":"https:\/\/moto-center.ch\/bern\/wp-json\/wp\/v2\/pages\/23","targetHints":{"allow":["GET"]}}],"collection":[{"href":"https:\/\/moto-center.ch\/bern\/wp-json\/wp\/v2\/pages"}],"about":[{"href":"https:\/\/moto-center.ch\/bern\/wp-json\/wp\/v2\/types\/page"}],"author":[{"embeddable":true,"href":"https:\/\/moto-center.ch\/bern\/wp-json\/wp\/v2\/users\/3"}],"replies":[{"embeddable":true,"href":"https:\/\/moto-center.ch\/bern\/wp-json\/wp\/v2\/comments?post=23"}],"version-history":[{"count":5,"href":"https:\/\/moto-center.ch\/bern\/wp-json\/wp\/v2\/pages\/23\/revisions"}],"predecessor-version":[{"id":9320,"href":"https:\/\/moto-center.ch\/bern\/wp-json\/wp\/v2\/pages\/23\/revisions\/9320"}],"up":[{"embeddable":true,"href":"https:\/\/moto-center.ch\/bern\/wp-json\/wp\/v2\/pages\/2"}],"wp:attachment":[{"href":"https:\/\/moto-center.ch\/bern\/wp-json\/wp\/v2\/media?parent=23"}],"curies":[{"name":"wp","href":"https:\/\/api.w.org\/{rel}","templated":true}]}}